{"id":397514,"date":"2025-03-17T15:24:17","date_gmt":"2025-03-17T15:24:17","guid":{"rendered":"https:\/\/jmonteiromilano.com\/circa\/"},"modified":"2025-06-23T10:46:47","modified_gmt":"2025-06-23T10:46:47","slug":"informazione","status":"publish","type":"page","link":"https:\/\/jmonteiromilano.com\/it\/informazione\/","title":{"rendered":"La Marca"},"content":{"rendered":"<p>[et_pb_section fb_built=&#8221;1&#8243; admin_label=&#8221;Light Overlay Responsive Cover&#8221; module_class=&#8221;jmm-responsive-cover&#8221; _builder_version=&#8221;4.27.3&#8243; _module_preset=&#8221;default&#8221; background_color=&#8221;gcid-0c4efa0e-1c4c-461c-b868-2ff7b069fcb3&#8243; background_image=&#8221;https:\/\/jmonteiromilano.com\/wp-content\/uploads\/2025\/04\/hero-spacer-right.webp&#8221; background_position=&#8221;center_right&#8221; background_horizontal_offset=&#8221;0%&#8221; locked=&#8221;off&#8221; global_colors_info=&#8221;{%22gcid-0c4efa0e-1c4c-461c-b868-2ff7b069fcb3%22:%91%22background_color%22%93}&#8221; theme_builder_area=&#8221;post_content&#8221;][et_pb_row custom_padding_last_edited=&#8221;on|tablet&#8221; module_class=&#8221;jmm-responsive-floater&#8221; _builder_version=&#8221;4.27.3&#8243; _module_preset=&#8221;default&#8221; background_color=&#8221;#EFE6E1&#8243; width=&#8221;40%&#8221; width_tablet=&#8221;100%&#8221; width_phone=&#8221;100%&#8221; width_last_edited=&#8221;on|desktop&#8221; max_width=&#8221;none&#8221; module_alignment=&#8221;left&#8221; custom_padding=&#8221;50px|50px|50px|50px|true|true&#8221; custom_padding_tablet=&#8221;30px|30px|30px|30px|true|true&#8221; custom_padding_phone=&#8221;||||true|true&#8221; global_colors_info=&#8221;{}&#8221; custom_css_main_element_last_edited=&#8221;on|phone&#8221; custom_css_main_element_tablet=&#8221;position: absolute;||bottom: 0;||width: 100%;||z-index: 9999;&#8221; width__hover_enabled=&#8221;off|desktop&#8221; custom_css_main_element_phone=&#8221;position: absolute;||bottom: 0;||width: 100%;||z-index: 9999;&#8221; theme_builder_area=&#8221;post_content&#8221;][et_pb_column type=&#8221;4_4&#8243; _builder_version=&#8221;4.27.3&#8243; _module_preset=&#8221;default&#8221; pac_dcm_carousel_specific_module_num=&#8221;0&#8243; global_colors_info=&#8221;{}&#8221; theme_builder_area=&#8221;post_content&#8221;][et_pb_text _builder_version=&#8221;4.27.3&#8243; _module_preset=&#8221;bbadc329-6db7-4c7b-a10c-b39160efc40b&#8221; global_colors_info=&#8221;{%22gcid-0c4efa0e-1c4c-461c-b868-2ff7b069fcb3%22:%91%22header_2_text_color%22,%22header_2_text_color%22%93,%22gcid-5065d878-614c-4b48-934c-8b126749e8c7%22:%91%22header_2_text_color%22,%22header_2_text_color%22%93,%22gcid-primary-color%22:%91%22header_text_color%22,%22header_2_text_color%22%93}&#8221; theme_builder_area=&#8221;post_content&#8221;]<\/p>\n<h1>JMonteiro Milano<\/h1>\n<p>Dalle sue radici amazzoniche ai tappeti rossi pi\u00f9 prestigiosi del mondo, Jenny Monteiro crea capi che riflettono l&#8217;individualit\u00e0 di chi li indossa.<\/p>\n<p>[\/et_pb_text][\/et_pb_column][\/et_pb_row][\/et_pb_section][et_pb_section fb_built=&#8221;1&#8243; _builder_version=&#8221;4.27.3&#8243; _module_preset=&#8221;default&#8221; background_color=&#8221;gcid-secondary-color&#8221; background_enable_image=&#8221;off&#8221; background_position=&#8221;top_center&#8221; background_enable_pattern_style=&#8221;on&#8221; background_pattern_style=&#8221;inverted-chevrons&#8221; background_pattern_color=&#8221;rgba(112,86,69,0.07)&#8221; custom_margin=&#8221;0px|0px|0px|0px|true|true&#8221; custom_padding=&#8221;10vh|5vh|10vh|5vh|true|true&#8221; global_colors_info=&#8221;{%22gcid-secondary-color%22:%91%22background_color%22%93}&#8221; theme_builder_area=&#8221;post_content&#8221;][et_pb_row _builder_version=&#8221;4.27.3&#8243; _module_preset=&#8221;default&#8221; global_colors_info=&#8221;{}&#8221; theme_builder_area=&#8221;post_content&#8221;][et_pb_column type=&#8221;4_4&#8243; _builder_version=&#8221;4.27.3&#8243; _module_preset=&#8221;default&#8221; pac_dcm_carousel_specific_module_num=&#8221;0&#8243; global_colors_info=&#8221;{}&#8221; theme_builder_area=&#8221;post_content&#8221;][et_pb_text _builder_version=&#8221;4.27.3&#8243; _module_preset=&#8221;default&#8221; global_colors_info=&#8221;{}&#8221; theme_builder_area=&#8221;post_content&#8221;]<\/p>\n<p data-start=\"1880\" data-end=\"2351\">Jenny Monteiro \u00e8 una stilista di origine brasiliana con sede a Milano, nota per il suo approccio raffinato al lusso e per il profondo rispetto per la bellezza ad ogni et\u00e0. Ha iniziato il suo percorso nel laboratorio di cucito di famiglia a Par\u00e1, dove ha imparato il mestiere della sartoria artigianale. Trasferitasi in Italia e diplomatasi presso importanti istituti di moda come l&#8217;Istituto Marangoni e Secoli, Jenny ha affinato il suo stile collaborando con marchi iconici come Prada, Armani e Dolce &amp; Gabbana.  <\/p>\n<p data-start=\"2353\" data-end=\"2636\">Fondato nel 2012, il suo marchio, <a href=\"https:\/\/jmonteiromilano.com\/it\/\"><strong data-start=\"2364\" data-end=\"2384\">JMonteiro Milano<\/strong><\/a>riflette la sua convinzione che la vera eleganza sia senza tempo, inclusiva e profondamente personale. Dagli abiti da sera su misura alle moderne capsule collection, ogni pezzo \u00e8 realizzato nel suo atelier di Milano con precisione, sostenibilit\u00e0 e anima. <\/p>\n<p data-start=\"2638\" data-end=\"2886\">Le creazioni di Jenny hanno calcato il red carpet del Festival del Cinema di Venezia e le pagine di <em>Vogue<\/em>, <em>Elle<\/em> e <em>Vanity Fair<\/em>, ma la sua missione rimane semplice: creare capi che celebrino l \u201cindividualit\u00e0, la femminilit\u00e0 e l\u201d arte della moda fatta a mano.<\/p>\n<p>[\/et_pb_text][\/et_pb_column][\/et_pb_row][et_pb_row column_structure=&#8221;1_3,1_3,1_3&#8243; use_custom_gutter=&#8221;on&#8221; gutter_width=&#8221;2&#8243; make_equal=&#8221;on&#8221; module_id=&#8221;collections-list&#8221; _builder_version=&#8221;4.27.3&#8243; _module_preset=&#8221;default&#8221; background_color=&#8221;RGBA(255,255,255,0)&#8221; width=&#8221;90%&#8221; max_width=&#8221;920px&#8221; custom_margin=&#8221;||||true|false&#8221; custom_padding=&#8221;0px|0px|0px|0px|true|true&#8221; hover_enabled=&#8221;0&#8243; background_color_phone=&#8221;RGBA(255,255,255,0)&#8221; background_last_edited=&#8221;on|phone&#8221; background_enable_color_phone=&#8221;on&#8221; global_colors_info=&#8221;{}&#8221; theme_builder_area=&#8221;post_content&#8221; sticky_enabled=&#8221;0&#8243;][et_pb_column type=&#8221;1_3&#8243; module_class=&#8221;stacking-column&#8221; _builder_version=&#8221;4.27.3&#8243; _module_preset=&#8221;default&#8221; background_color=&#8221;RGBA(255,255,255,0)&#8221; pac_dcm_carousel_specific_module_num=&#8221;0&#8243; global_colors_info=&#8221;{%22gcid-0c4efa0e-1c4c-461c-b868-2ff7b069fcb3%22:%91%22background_color%22%93}&#8221; theme_builder_area=&#8221;post_content&#8221;][dsm_flipbox flipbox_type=&#8221;fade&#8221; flipbox_height=&#8221;420px&#8221; _builder_version=&#8221;4.27.3&#8243; _module_preset=&#8221;default&#8221; header_level=&#8221;h2&#8243; header_font=&#8221;Red Rose||||||||&#8221; header_text_color=&#8221;gcid-secondary-color&#8221; header_font_size=&#8221;30px&#8221; content_font=&#8221;||||||||&#8221; content_font_size=&#8221;15px&#8221; content_line_height=&#8221;1.5em&#8221; width=&#8221;100%&#8221; module_alignment=&#8221;center&#8221; custom_margin=&#8221;0px||0px||true|false&#8221; custom_padding=&#8221;||||false|false&#8221; hover_enabled=&#8221;0&#8243; header_font_size_tablet=&#8221;30px&#8221; header_font_size_phone=&#8221;28px&#8221; header_font_size_last_edited=&#8221;on|phone&#8221; custom_css_free_form=&#8221;selector h2{||  margin-bottom:10px;||}&#8221; border_radii=&#8221;on|5px|5px|5px|5px&#8221; global_colors_info=&#8221;{%22gcid-secondary-color%22:%91%22header_text_color%22%93}&#8221; theme_builder_area=&#8221;post_content&#8221; max_width=&#8221;550px&#8221; sticky_enabled=&#8221;0&#8243;][dsm_flipbox_child title=&#8221;100% Made in Italy&#8221; button_url_new_window=&#8221;1&#8243; _builder_version=&#8221;4.27.3&#8243; _module_preset=&#8221;default&#8221; header_font=&#8221;Cormorant||||||||&#8221; header_text_align=&#8221;center&#8221; header_text_color=&#8221;#EFE6E1&#8243; content_text_color=&#8221;#FFFFFF&#8221; background_color=&#8221;rgba(53,37,37,0.6)&#8221; background_enable_color=&#8221;on&#8221; custom_button=&#8221;on&#8221; button_text_size=&#8221;15px&#8221; button_text_color=&#8221;gcid-secondary-color&#8221; button_font=&#8221;Red Rose|||on|||||&#8221; button_alignment=&#8221;center&#8221; background_layout=&#8221;dark&#8221; custom_padding=&#8221;20px|20px|20px|20px|true|true&#8221; hover_enabled=&#8221;0&#8243; theme_builder_area=&#8221;post_content&#8221; parent_header_level=&#8221;h2&#8243; sticky_enabled=&#8221;0&#8243; global_colors_info=&#8221;{%22gcid-secondary-color%22:%91%22header_text_color%22,%22button_text_color%22,%22header_text_color%22,%22button_text_color%22%93}&#8221; custom_padding_tablet=&#8221;|15%||15%|true|true&#8221; custom_padding_last_edited=&#8221;on|tablet&#8221; custom_padding_phone=&#8221;|15%||15%|true|true&#8221;]<\/p>\n<p>La moda di Jenny Monteiro \u00e8 ispirata allo stile di vita milanese, realizzata con la qualit\u00e0 e tradizione inconfondibile dell&#8217;artigianato italiano.<\/p>\n<p>[\/dsm_flipbox_child][dsm_flipbox_child title=&#8221;100% Made in Italy&#8221; button_url_new_window=&#8221;1&#8243; _builder_version=&#8221;4.27.3&#8243; _module_preset=&#8221;default&#8221; header_font=&#8221;Cormorant||||||||&#8221; header_text_align=&#8221;center&#8221; header_text_color=&#8221;gcid-secondary-color&#8221; background_color=&#8221;rgba(53,37,37,0.6)&#8221; background_enable_color=&#8221;on&#8221; background_image=&#8221;https:\/\/jmonteiromilano.com\/wp-content\/uploads\/2025\/03\/jenny-monteiro-made-in-italy-fashion-thumb.jpg&#8221; background_enable_image=&#8221;on&#8221; background_blend=&#8221;multiply&#8221; custom_button=&#8221;on&#8221; button_text_size=&#8221;15px&#8221; button_text_color=&#8221;gcid-secondary-color&#8221; button_font=&#8221;Red Rose|||on|||||&#8221; button_alignment=&#8221;center&#8221; background_layout=&#8221;dark&#8221; custom_padding=&#8221;20px|20px|20px|20px|true|true&#8221; hover_enabled=&#8221;0&#8243; theme_builder_area=&#8221;post_content&#8221; parent_header_level=&#8221;h2&#8243; global_colors_info=&#8221;{%22gcid-secondary-color%22:%91%22header_text_color%22,%22button_text_color%22,%22header_text_color%22,%22header_text_color%22,%22button_text_color%22,%22header_text_color%22,%22header_text_color%22,%22button_text_color%22%93,%22gcid-0c4efa0e-1c4c-461c-b868-2ff7b069fcb3%22:%91%22background_color%22%93}&#8221; custom_padding_tablet=&#8221;|15%||15%|true|true&#8221; custom_padding_last_edited=&#8221;on|tablet&#8221; sticky_enabled=&#8221;0&#8243; custom_padding_phone=&#8221;|15%||15%|true|true&#8221;]<\/p>\n<p>La moda di Jenny Monteiro \u00e8 ispirata allo stile di vita milanese, realizzata con la qualit\u00e0 e tradizione inconfondibile dell&#8217;artigianato italiano.<\/p>\n<p>[\/dsm_flipbox_child][\/dsm_flipbox][et_pb_button button_url=&#8221;@ET-DC@eyJkeW5hbWljIjp0cnVlLCJjb250ZW50IjoicG9zdF9saW5rX3VybF9wYWdlIiwic2V0dGluZ3MiOnsicG9zdF9pZCI6IjI0MDY1MyJ9fQ==@&#8221; button_text=&#8221;Dettagli&#8221; _builder_version=&#8221;4.27.3&#8243; _dynamic_attributes=&#8221;button_url&#8221; _module_preset=&#8221;4e27bd91-634a-405d-af7b-b005686d3ad5&#8243; custom_margin=&#8221;25px||||false|true&#8221; hover_enabled=&#8221;0&#8243; button_text_size_tablet=&#8221;12px&#8221; button_text_size_phone=&#8221;11px&#8221; button_text_size_last_edited=&#8221;on|phone&#8221; global_colors_info=&#8221;{}&#8221; theme_builder_area=&#8221;post_content&#8221; sticky_enabled=&#8221;0&#8243;][\/et_pb_button][\/et_pb_column][et_pb_column type=&#8221;1_3&#8243; module_class=&#8221;stacking-column&#8221; _builder_version=&#8221;4.27.3&#8243; _module_preset=&#8221;default&#8221; background_color=&#8221;RGBA(255,255,255,0)&#8221; pac_dcm_carousel_specific_module_num=&#8221;0&#8243; global_colors_info=&#8221;{}&#8221; theme_builder_area=&#8221;post_content&#8221;][dsm_flipbox flipbox_type=&#8221;fade&#8221; flipbox_height=&#8221;420px&#8221; _builder_version=&#8221;4.27.3&#8243; _module_preset=&#8221;default&#8221; header_level=&#8221;h2&#8243; header_font_size=&#8221;30px&#8221; content_font_size=&#8221;15px&#8221; module_alignment=&#8221;center&#8221; hover_enabled=&#8221;0&#8243; header_font_size_tablet=&#8221;30px&#8221; header_font_size_phone=&#8221;28px&#8221; header_font_size_last_edited=&#8221;on|phone&#8221; custom_css_free_form=&#8221;selector h2{||  margin-bottom:10px;||}&#8221; border_radii=&#8221;on|5px|5px|5px|5px&#8221; global_colors_info=&#8221;{%22gcid-secondary-color%22:%91%22header_text_color%22%93}&#8221; theme_builder_area=&#8221;post_content&#8221; max_width=&#8221;550px&#8221; sticky_enabled=&#8221;0&#8243; custom_padding=&#8221;||||false|false&#8221; custom_margin=&#8221;||||false|false&#8221;][dsm_flipbox_child title=&#8221;Pensato per tutte le donne&#8221; button_url=&#8221;@ET-DC@eyJkeW5hbWljIjp0cnVlLCJjb250ZW50IjoicG9zdF9saW5rX3VybF9wYWdlIiwic2V0dGluZ3MiOnsicG9zdF9pZCI6IjI0MDYwOSJ9fQ==@&#8221; button_url_new_window=&#8221;1&#8243; _builder_version=&#8221;4.27.3&#8243; _dynamic_attributes=&#8221;button_url&#8221; _module_preset=&#8221;default&#8221; header_font=&#8221;Cormorant||||||||&#8221; header_text_align=&#8221;center&#8221; header_text_color=&#8221;gcid-secondary-color&#8221; background_color=&#8221;rgba(53,37,37,0.6)&#8221; background_enable_color=&#8221;on&#8221; custom_button=&#8221;on&#8221; button_text_size=&#8221;15px&#8221; button_text_color=&#8221;gcid-secondary-color&#8221; button_font=&#8221;Red Rose|||on|||||&#8221; button_alignment=&#8221;center&#8221; background_layout=&#8221;dark&#8221; custom_padding=&#8221;20px|20px|20px|20px|true|true&#8221; hover_enabled=&#8221;0&#8243; global_colors_info=&#8221;{%22gcid-secondary-color%22:%91%22header_text_color%22,%22button_text_color%22,%22header_text_color%22%93}&#8221; theme_builder_area=&#8221;post_content&#8221; parent_header_level=&#8221;h2&#8243; sticky_enabled=&#8221;0&#8243; custom_padding_last_edited=&#8221;on|tablet&#8221; custom_padding_tablet=&#8221;|15%||15%|true|true&#8221; custom_padding_phone=&#8221;|15%||15%|true|true&#8221;]<\/p>\n<p>Dall \u201calta moda all\u201d essenziale quotidiano, ogni design di JMonteiro Milano onora la bellezza e lo spirito individuale di ogni donna.<\/p>\n<p>[\/dsm_flipbox_child][dsm_flipbox_child title=&#8221;Pensato per tutte le donne&#8221; button_url=&#8221;@ET-DC@eyJkeW5hbWljIjp0cnVlLCJjb250ZW50IjoicG9zdF9saW5rX3VybF9wYWdlIiwic2V0dGluZ3MiOnsicG9zdF9pZCI6IjI0MDYwOSJ9fQ==@&#8221; button_url_new_window=&#8221;1&#8243; _builder_version=&#8221;4.27.3&#8243; _dynamic_attributes=&#8221;button_url&#8221; _module_preset=&#8221;default&#8221; header_font=&#8221;Cormorant||||||||&#8221; header_text_align=&#8221;center&#8221; header_text_color=&#8221;gcid-secondary-color&#8221; background_color=&#8221;rgba(53,37,37,0.6)&#8221; background_enable_color=&#8221;on&#8221; background_image=&#8221;https:\/\/jmonteiromilano.com\/wp-content\/uploads\/2025\/03\/jenny-monteiro-about-women-couture.jpg&#8221; background_enable_image=&#8221;on&#8221; background_blend=&#8221;multiply&#8221; custom_button=&#8221;on&#8221; button_text_size=&#8221;15px&#8221; button_text_color=&#8221;gcid-secondary-color&#8221; button_font=&#8221;Red Rose|||on|||||&#8221; button_alignment=&#8221;center&#8221; background_layout=&#8221;dark&#8221; custom_padding=&#8221;20px|20px|20px|20px|true|true&#8221; hover_enabled=&#8221;0&#8243; theme_builder_area=&#8221;post_content&#8221; parent_header_level=&#8221;h2&#8243; global_colors_info=&#8221;{%22gcid-secondary-color%22:%91%22header_text_color%22,%22button_text_color%22,%22header_text_color%22,%22header_text_color%22,%22button_text_color%22,%22header_text_color%22,%22header_text_color%22,%22button_text_color%22,%22header_text_color%22%93,%22gcid-0c4efa0e-1c4c-461c-b868-2ff7b069fcb3%22:%91%22background_color%22,%22background_color%22,%22background_color%22%93}&#8221; custom_padding_tablet=&#8221;|15%||15%|true|true&#8221; custom_padding_last_edited=&#8221;on|tablet&#8221; sticky_enabled=&#8221;0&#8243; custom_padding_phone=&#8221;|15%||15%|true|true&#8221;]<\/p>\n<p>Dall \u201calta moda all\u201d essenziale quotidiano, ogni design di JMonteiro Milano onora la bellezza e lo spirito individuale di ogni donna.<\/p>\n<p>[\/dsm_flipbox_child][\/dsm_flipbox][et_pb_button button_url=&#8221;@ET-DC@eyJkeW5hbWljIjp0cnVlLCJjb250ZW50IjoicG9zdF9saW5rX3VybF9wYWdlIiwic2V0dGluZ3MiOnsicG9zdF9pZCI6IjI0MDYwOSJ9fQ==@&#8221; button_text=&#8221;Per saperne di pi\u00f9&#8221; _builder_version=&#8221;4.27.3&#8243; _dynamic_attributes=&#8221;button_url&#8221; _module_preset=&#8221;4e27bd91-634a-405d-af7b-b005686d3ad5&#8243; hover_enabled=&#8221;0&#8243; button_text_size_tablet=&#8221;12px&#8221; button_text_size_phone=&#8221;11px&#8221; button_text_size_last_edited=&#8221;on|phone&#8221; global_colors_info=&#8221;{}&#8221; theme_builder_area=&#8221;post_content&#8221; custom_margin=&#8221;25px||||false|true&#8221; sticky_enabled=&#8221;0&#8243;][\/et_pb_button][\/et_pb_column][et_pb_column type=&#8221;1_3&#8243; module_class=&#8221;stacking-column&#8221; _builder_version=&#8221;4.27.3&#8243; _module_preset=&#8221;default&#8221; background_color=&#8221;RGBA(255,255,255,0)&#8221; pac_dcm_carousel_specific_module_num=&#8221;0&#8243; global_colors_info=&#8221;{}&#8221; theme_builder_area=&#8221;post_content&#8221;][dsm_flipbox flipbox_type=&#8221;fade&#8221; flipbox_height=&#8221;420px&#8221; _builder_version=&#8221;4.27.3&#8243; _module_preset=&#8221;default&#8221; header_level=&#8221;h2&#8243; header_font_size=&#8221;30px&#8221; content_font_size=&#8221;15px&#8221; width=&#8221;100%&#8221; module_alignment=&#8221;center&#8221; hover_enabled=&#8221;0&#8243; header_font_size_tablet=&#8221;30px&#8221; header_font_size_phone=&#8221;28px&#8221; header_font_size_last_edited=&#8221;on|phone&#8221; custom_css_free_form=&#8221;selector h2{||  margin-bottom:10px;||}&#8221; border_radii=&#8221;on|5px|5px|5px|5px&#8221; global_colors_info=&#8221;{%22gcid-secondary-color%22:%91%22header_text_color%22%93}&#8221; theme_builder_area=&#8221;post_content&#8221; max_width=&#8221;550px&#8221; sticky_enabled=&#8221;0&#8243;][dsm_flipbox_child title=&#8221;La Sostenibilit\u00e0&#8221; button_url_new_window=&#8221;1&#8243; _builder_version=&#8221;4.27.3&#8243; _module_preset=&#8221;default&#8221; header_font=&#8221;Cormorant||||||||&#8221; header_text_align=&#8221;center&#8221; header_text_color=&#8221;gcid-secondary-color&#8221; background_color=&#8221;rgba(53,37,37,0.6)&#8221; background_enable_color=&#8221;on&#8221; custom_button=&#8221;on&#8221; button_text_size=&#8221;15px&#8221; button_text_color=&#8221;gcid-secondary-color&#8221; button_font=&#8221;Red Rose|||on|||||&#8221; button_alignment=&#8221;center&#8221; background_layout=&#8221;dark&#8221; custom_padding=&#8221;20px|20px|20px|20px|true|true&#8221; hover_enabled=&#8221;0&#8243; theme_builder_area=&#8221;post_content&#8221; parent_header_level=&#8221;h2&#8243; global_colors_info=&#8221;{%22gcid-secondary-color%22:%91%22header_text_color%22,%22button_text_color%22,%22header_text_color%22,%22header_text_color%22,%22button_text_color%22,%22header_text_color%22%93}&#8221; custom_padding_tablet=&#8221;|15%||15%|true|true&#8221; custom_padding_last_edited=&#8221;on|tablet&#8221; sticky_enabled=&#8221;0&#8243; custom_padding_phone=&#8221;|15%||15%|true|true&#8221;]<\/p>\n<p>Jenny Monteiro lavora con materiali naturali per i suoi capi, di provenienza responsabile e realizzati per durare nel tempo.<\/p>\n<p>[\/dsm_flipbox_child][dsm_flipbox_child title=&#8221;La Sostenibilit\u00e0&#8221; button_url_new_window=&#8221;1&#8243; _builder_version=&#8221;4.27.3&#8243; _module_preset=&#8221;default&#8221; header_font=&#8221;Cormorant||||||||&#8221; header_text_align=&#8221;center&#8221; header_text_color=&#8221;gcid-secondary-color&#8221; background_color=&#8221;rgba(53,37,37,0.6)&#8221; background_enable_color=&#8221;on&#8221; background_image=&#8221;https:\/\/jmonteiromilano.com\/wp-content\/uploads\/2025\/03\/sustainable-materials.jpg&#8221; background_enable_image=&#8221;on&#8221; background_blend=&#8221;multiply&#8221; custom_button=&#8221;on&#8221; button_text_size=&#8221;15px&#8221; button_text_color=&#8221;gcid-secondary-color&#8221; button_font=&#8221;Red Rose|||on|||||&#8221; button_alignment=&#8221;center&#8221; background_layout=&#8221;dark&#8221; custom_padding=&#8221;20px|20px|20px|20px|true|true&#8221; hover_enabled=&#8221;0&#8243; theme_builder_area=&#8221;post_content&#8221; parent_header_level=&#8221;h2&#8243; global_colors_info=&#8221;{%22gcid-secondary-color%22:%91%22header_text_color%22,%22button_text_color%22,%22header_text_color%22,%22header_text_color%22,%22button_text_color%22,%22header_text_color%22%93,%22gcid-0c4efa0e-1c4c-461c-b868-2ff7b069fcb3%22:%91%22background_color%22%93}&#8221; custom_padding_tablet=&#8221;|15%||15%|true|true&#8221; custom_padding_last_edited=&#8221;on|tablet&#8221; sticky_enabled=&#8221;0&#8243; custom_padding_phone=&#8221;|15%||15%|true|true&#8221;]<\/p>\n<p>Jenny Monteiro lavora con materiali naturali per i suoi capi, di provenienza responsabile e realizzati per durare nel tempo.<\/p>\n<p>[\/dsm_flipbox_child][\/dsm_flipbox][et_pb_button button_url=&#8221;@ET-DC@eyJkeW5hbWljIjp0cnVlLCJjb250ZW50IjoicG9zdF9saW5rX3VybF9wYWdlIiwic2V0dGluZ3MiOnsicG9zdF9pZCI6IjI2MiJ9fQ==@&#8221; button_text=&#8221;Collezioni&#8221; _builder_version=&#8221;4.27.3&#8243; _dynamic_attributes=&#8221;button_url&#8221; _module_preset=&#8221;4e27bd91-634a-405d-af7b-b005686d3ad5&#8243; hover_enabled=&#8221;0&#8243; button_text_size_tablet=&#8221;12px&#8221; button_text_size_phone=&#8221;11px&#8221; button_text_size_last_edited=&#8221;on|phone&#8221; global_colors_info=&#8221;{}&#8221; theme_builder_area=&#8221;post_content&#8221; custom_margin=&#8221;25px||||false|true&#8221; sticky_enabled=&#8221;0&#8243;][\/et_pb_button][\/et_pb_column][\/et_pb_row][et_pb_row _builder_version=&#8221;4.27.3&#8243; _module_preset=&#8221;default&#8221; hover_enabled=&#8221;0&#8243; global_colors_info=&#8221;{}&#8221; theme_builder_area=&#8221;post_content&#8221; sticky_enabled=&#8221;0&#8243;][et_pb_column type=&#8221;4_4&#8243; _builder_version=&#8221;4.27.3&#8243; _module_preset=&#8221;default&#8221; pac_dcm_carousel_specific_module_num=&#8221;0&#8243; global_colors_info=&#8221;{}&#8221; theme_builder_area=&#8221;post_content&#8221;][et_pb_text _builder_version=&#8221;4.27.3&#8243; _module_preset=&#8221;default&#8221; global_colors_info=&#8221;{}&#8221; theme_builder_area=&#8221;post_content&#8221;]<\/p>\n<p data-start=\"2638\" data-end=\"2886\">Nel 2025, Jenny ha introdotto il <a href=\"https:\/\/weekend.jmonteiromilano.com\"><strong data-start=\"280\" data-end=\"302\">WEEKEND <\/strong><\/a>una linea di capi eleganti ma accessibili che riflettono il suo costante impegno verso l \u201cartigianato Made in Italy e i valori sostenibili. Creata tenendo conto dei ritmi della donna moderna, la collezione unisce senza sforzo moda e funzionalit\u00e0, perfetta sia per la vita frenetica in citt\u00e0 che per le fughe rilassate. Con silhouette morbide, stampe vivaci e dettagli curati, questi capi offrono comfort senza compromessi, incarnando la visione di Jenny dell\u201d eleganza quotidiana per tutte le et\u00e0 e i tipi di corpo.  <\/p>\n<p data-start=\"2888\" data-end=\"3002\">Con ogni filo, JMonteiro Milano racconta una storia: radicata nel patrimonio, ispirata dalla natura e progettata per abbellire la bellezza di ogni donna, ovunque la vita la conduca.<\/p>\n<p>[\/et_pb_text][\/et_pb_column][\/et_pb_row][\/et_pb_section][et_pb_section fb_built=&#8221;1&#8243; _builder_version=&#8221;4.27.3&#8243; _module_preset=&#8221;default&#8221; background_color=&#8221;gcid-0c4efa0e-1c4c-461c-b868-2ff7b069fcb3&#8243; background_enable_image=&#8221;off&#8221; background_enable_pattern_style=&#8221;on&#8221; background_pattern_style=&#8221;inverted-chevrons&#8221; global_colors_info=&#8221;{%22gcid-0c4efa0e-1c4c-461c-b868-2ff7b069fcb3%22:%91%22background_color%22%93}&#8221; theme_builder_area=&#8221;post_content&#8221;][et_pb_row column_structure=&#8221;1_3,2_3&#8243; use_custom_gutter=&#8221;on&#8221; gutter_width=&#8221;2&#8243; make_equal=&#8221;on&#8221; _builder_version=&#8221;4.27.3&#8243; _module_preset=&#8221;default&#8221; background_color=&#8221;gcid-secondary-color&#8221; width=&#8221;90%&#8221; max_width=&#8221;920px&#8221; module_alignment=&#8221;center&#8221; custom_padding=&#8221;0px|0px|0px|0px|true|true&#8221; custom_css_main_element=&#8221;display:flex;&#8221; border_radii=&#8221;on|10px|10px|10px|10px&#8221; global_colors_info=&#8221;{%22gcid-secondary-color%22:%91%22background_color%22%93}&#8221; custom_css_main_element_last_edited=&#8221;on|phone&#8221; custom_css_main_element_phone=&#8221;display:block;&#8221; custom_css_main_element_tablet=&#8221;display:flex;&#8221; theme_builder_area=&#8221;post_content&#8221;][et_pb_column type=&#8221;1_3&#8243; _builder_version=&#8221;4.27.3&#8243; _module_preset=&#8221;default&#8221; background_image=&#8221;https:\/\/jmonteiromilano.com\/wp-content\/uploads\/2025\/03\/jenny-bio-2.webp&#8221; pac_dcm_carousel_specific_module_num=&#8221;0&#8243; global_colors_info=&#8221;{}&#8221; theme_builder_area=&#8221;post_content&#8221;][et_pb_image src=&#8221;https:\/\/jmonteiromilano.com\/wp-content\/uploads\/2025\/03\/jenny-bio-2.webp&#8221; title_text=&#8221;jenny-bio-2&#8243; _builder_version=&#8221;4.27.3&#8243; _module_preset=&#8221;default&#8221; global_colors_info=&#8221;{}&#8221; theme_builder_area=&#8221;post_content&#8221;][\/et_pb_image][\/et_pb_column][et_pb_column type=&#8221;2_3&#8243; _builder_version=&#8221;4.27.3&#8243; _module_preset=&#8221;default&#8221; custom_padding=&#8221;4vh|4vh|4vh|4vh|true|true&#8221; custom_css_main_element=&#8221;display:flex;||flex-direction:column;||margin:auto;&#8221; pac_dcm_carousel_specific_module_num=&#8221;0&#8243; global_colors_info=&#8221;{}&#8221; theme_builder_area=&#8221;post_content&#8221;][et_pb_text _builder_version=&#8221;4.27.3&#8243; _module_preset=&#8221;bbadc329-6db7-4c7b-a10c-b39160efc40b&#8221; global_colors_info=&#8221;{%22gcid-0c4efa0e-1c4c-461c-b868-2ff7b069fcb3%22:%91%22header_2_text_color%22%93,%22gcid-10f1e694-c8d2-4d57-b4ce-15e39b20ad2c%22:%91%22button_bg_color%22%93}&#8221; theme_builder_area=&#8221;post_content&#8221;]<\/p>\n<h1>Il designer<\/h1>\n<p>[\/et_pb_text][et_pb_text _builder_version=&#8221;4.27.3&#8243; _module_preset=&#8221;526c7484-8bbb-40d0-963d-5b4df87093c3&#8243; text_orientation=&#8221;left&#8221; global_colors_info=&#8221;{}&#8221; theme_builder_area=&#8221;post_content&#8221;]<\/p>\n<p><strong>Madre, figlia, sarta, stilista:<\/strong> Jenny Monteiro \u00e8 molte cose, che si fondono nel suo dono di far apparire e sentire le donne al meglio. Dal cuore dell&#8217;Amazzonia brasiliana, dove giocava tra le creazioni di abiti da sposa della madre, alle vette della Scala di Milano e ai tappeti rossi di Venezia e Roma, il suo percorso \u00e8 stato un mix di promesse infantili e aspirazioni globali. Il suo viaggio, come i suoi modelli e come le donne che veste, \u00e8 intessuto di fili di eredit\u00e0, lusso e un tocco di spirito indomito.  <\/p>\n<p>[\/et_pb_text][et_pb_button button_url=&#8221;@ET-DC@eyJkeW5hbWljIjp0cnVlLCJjb250ZW50IjoicG9zdF9saW5rX3VybF9wYWdlIiwic2V0dGluZ3MiOnsicG9zdF9pZCI6IjIzOTk3NyJ9fQ==@&#8221; button_text=&#8221;La storia di Jenny&#8221; _builder_version=&#8221;4.27.3&#8243; _dynamic_attributes=&#8221;button_url&#8221; _module_preset=&#8221;961a7526-d9ae-4ad4-9591-7fce8f38eed5&#8243; button_border_color=&#8221;gcid-0c4efa0e-1c4c-461c-b868-2ff7b069fcb3&#8243; custom_margin=&#8221;20px|0px|20px|0px|true|true&#8221; button_text_size_tablet=&#8221;12px&#8221; button_text_size_phone=&#8221;11px&#8221; button_text_size_last_edited=&#8221;on|phone&#8221; custom_css_main_element=&#8221;width:auto;&#8221; global_colors_info=&#8221;{%22gcid-5065d878-614c-4b48-934c-8b126749e8c7%22:%91%22button_bg_color%22,%22button_bg_color__hover%22,%22button_bg_color%22,%22button_bg_color__hover%22%93,%22gcid-secondary-color%22:%91%22button_bg_color%22,%22button_bg_color%22%93,%22gcid-0c4efa0e-1c4c-461c-b868-2ff7b069fcb3%22:%91%22button_border_color%22%93}&#8221; theme_builder_area=&#8221;post_content&#8221;][\/et_pb_button][\/et_pb_column][\/et_pb_row][\/et_pb_section]<\/p>\n","protected":false},"excerpt":{"rendered":"<p>JMonteiro Milano Dalle sue radici amazzoniche ai tappeti rossi pi\u00f9 prestigiosi del mondo, Jenny Monteiro crea capi che riflettono l&#8217;individualit\u00e0 di chi li indossa.Jenny Monteiro \u00e8 una stilista di origine brasiliana con sede a Milano, nota per il suo approccio raffinato al lusso e per il profondo rispetto per la bellezza ad ogni et\u00e0. Ha [&hellip;]<\/p>\n","protected":false},"author":1,"featured_media":0,"parent":0,"menu_order":0,"comment_status":"closed","ping_status":"closed","template":"","meta":{"_acf_changed":false,"_et_pb_use_builder":"on","_et_pb_old_content":"","_et_gb_content_width":"","footnotes":""},"class_list":["post-397514","page","type-page","status-publish","hentry"],"acf":[],"_links":{"self":[{"href":"https:\/\/jmonteiromilano.com\/it\/wp-json\/wp\/v2\/pages\/397514","targetHints":{"allow":["GET"]}}],"collection":[{"href":"https:\/\/jmonteiromilano.com\/it\/wp-json\/wp\/v2\/pages"}],"about":[{"href":"https:\/\/jmonteiromilano.com\/it\/wp-json\/wp\/v2\/types\/page"}],"author":[{"embeddable":true,"href":"https:\/\/jmonteiromilano.com\/it\/wp-json\/wp\/v2\/users\/1"}],"replies":[{"embeddable":true,"href":"https:\/\/jmonteiromilano.com\/it\/wp-json\/wp\/v2\/comments?post=397514"}],"version-history":[{"count":6,"href":"https:\/\/jmonteiromilano.com\/it\/wp-json\/wp\/v2\/pages\/397514\/revisions"}],"predecessor-version":[{"id":397622,"href":"https:\/\/jmonteiromilano.com\/it\/wp-json\/wp\/v2\/pages\/397514\/revisions\/397622"}],"wp:attachment":[{"href":"https:\/\/jmonteiromilano.com\/it\/wp-json\/wp\/v2\/media?parent=397514"}],"curies":[{"name":"wp","href":"https:\/\/api.w.org\/{rel}","templated":true}]}}