{"id":397520,"date":"2025-03-17T12:46:42","date_gmt":"2025-03-17T12:46:42","guid":{"rendered":"https:\/\/jmonteiromilano.com\/circa\/made-in-milano\/"},"modified":"2025-06-16T09:02:12","modified_gmt":"2025-06-16T09:02:12","slug":"made-in-milano","status":"publish","type":"page","link":"https:\/\/jmonteiromilano.com\/it\/informazione\/made-in-milano\/","title":{"rendered":"Made in Milano"},"content":{"rendered":"<p>[et_pb_section fb_built=&#8221;1&#8243; _builder_version=&#8221;4.27.3&#8243; _module_preset=&#8221;default&#8221; background_color=&#8221;gcid-0c4efa0e-1c4c-461c-b868-2ff7b069fcb3&#8243; custom_margin=&#8221;0px|0px|0px|0px|true|true&#8221; custom_padding=&#8221;0px|0px|0px|0px|true|true&#8221; global_colors_info=&#8221;{%22gcid-0c4efa0e-1c4c-461c-b868-2ff7b069fcb3%22:%91%22background_color%22%93}&#8221;][et_pb_row _builder_version=&#8221;4.27.3&#8243; _module_preset=&#8221;default&#8221; width=&#8221;100%&#8221; max_width=&#8221;none&#8221; module_alignment=&#8221;center&#8221; custom_margin=&#8221;0px|0px|0px|0px|true|true&#8221; custom_padding=&#8221;0px|0px|0px|0px|true|true&#8221; global_colors_info=&#8221;{}&#8221;][et_pb_column type=&#8221;4_4&#8243; _builder_version=&#8221;4.27.3&#8243; _module_preset=&#8221;default&#8221; pac_dcm_carousel_specific_module_num=&#8221;0&#8243; global_colors_info=&#8221;{}&#8221;][et_pb_image src=&#8221;https:\/\/jmonteiromilano.com\/wp-content\/uploads\/2025\/03\/hero-jmm-milan0.jpg&#8221; title_text=&#8221;eroe-jmm-milano0&#8243; show_bottom_space=&#8221;off&#8221; _builder_version=&#8221;4.27.3&#8243; _module_preset=&#8221;default&#8221; global_colors_info=&#8221;{}&#8221;][\/et_pb_image][\/et_pb_column][\/et_pb_row][\/et_pb_section][et_pb_section fb_built=&#8221;1&#8243; _builder_version=&#8221;4.27.3&#8243; _module_preset=&#8221;default&#8221; background_color=&#8221;gcid-secondary-color&#8221; custom_margin=&#8221;0px|0px|0px|0px|true|true&#8221; custom_padding=&#8221;0px|0px|0px|0px|true|true&#8221; global_colors_info=&#8221;{%22gcid-secondary-color%22:%91%22background_color%22%93}&#8221;][et_pb_row column_structure=&#8221;2_3,1_3&#8243; make_equal=&#8221;on&#8221; _builder_version=&#8221;4.27.3&#8243; _module_preset=&#8221;default&#8221; width=&#8221;100%&#8221; max_width=&#8221;none&#8221; module_alignment=&#8221;center&#8221; custom_margin=&#8221;0px|0px|0px|0px|true|true&#8221; custom_padding=&#8221;0px|0px|0px|0px|true|true&#8221; custom_css_main_element=&#8221;display:flex;&#8221; global_colors_info=&#8221;{}&#8221;][et_pb_column type=&#8221;2_3&#8243; _builder_version=&#8221;4.27.3&#8243; _module_preset=&#8221;default&#8221; custom_padding=&#8221;10%|5%|10%|5%|true|true&#8221; custom_padding_tablet=&#8221;10%|5%|10%|5%|true|true&#8221; custom_padding_phone=&#8221;10%||0px||false|true&#8221; custom_padding_last_edited=&#8221;on|phone&#8221; pac_dcm_carousel_specific_module_num=&#8221;0&#8243; global_colors_info=&#8221;{}&#8221;][et_pb_text _builder_version=&#8221;4.27.3&#8243; _module_preset=&#8221;bbadc329-6db7-4c7b-a10c-b39160efc40b&#8221; hover_enabled=&#8221;0&#8243; text_font_size_phone=&#8221;16px&#8221; global_colors_info=&#8221;{}&#8221; sticky_enabled=&#8221;0&#8243;]<\/p>\n<h1>Sostenibilmente<br \/>\n<span class=\"accent-heading\">Made in Milano<\/span><\/h1>\n<p>[\/et_pb_text][et_pb_text _builder_version=&#8221;4.27.3&#8243; _module_preset=&#8221;bbadc329-6db7-4c7b-a10c-b39160efc40b&#8221; hover_enabled=&#8221;0&#8243; text_font_size_phone=&#8221;16px&#8221; global_colors_info=&#8221;{}&#8221; sticky_enabled=&#8221;0&#8243;]<\/p>\n<p>A Milano lo stile \u00e8 un linguaggio universale. In questa citt\u00e0, Jenny ha trovato la sua musa nelle tante donne che ha incontrato, ognuna con il suo stile e la sua personalit\u00e0 unici, che incarnano tutte un&#8217;eleganza magnetica. La donna che si vede sul palco o all&#8217;inaugurazione di un evento, ma che \u00e8 altrettanto chic al mercato mattutino o che fugge per un weekend. Jenny cattura questa essenza, creando collezioni che si adattano perfettamente a ogni momento della vita, dall&#8217;alta moda alle esigenze quotidiane. La sua visione \u00e8 un omaggio alla donna moderna, sempre in movimento e impeccabile in ogni occasione.    <\/p>\n<p>[\/et_pb_text][\/et_pb_column][et_pb_column type=&#8221;1_3&#8243; _builder_version=&#8221;4.27.3&#8243; _module_preset=&#8221;default&#8221; background_image=&#8221;https:\/\/jmonteiromilano.com\/wp-content\/uploads\/2025\/03\/portrait-jmm-milan-4.jpg&#8221; pac_dcm_carousel_specific_module_num=&#8221;0&#8243; global_colors_info=&#8221;{}&#8221;][\/et_pb_column][\/et_pb_row][\/et_pb_section][et_pb_section fb_built=&#8221;1&#8243; _builder_version=&#8221;4.27.3&#8243; _module_preset=&#8221;default&#8221; background_color=&#8221;gcid-0c4efa0e-1c4c-461c-b868-2ff7b069fcb3&#8243; custom_margin=&#8221;0px|0px|0px|0px|true|true&#8221; custom_padding=&#8221;0px|0px|0px|0px|true|true&#8221; locked=&#8221;off&#8221; global_colors_info=&#8221;{%22gcid-0c4efa0e-1c4c-461c-b868-2ff7b069fcb3%22:%91%22background_color%22%93}&#8221; custom_margin__hover_enabled=&#8221;off|desktop&#8221;][et_pb_row column_structure=&#8221;1_3,1_3,1_3&#8243; use_custom_gutter=&#8221;on&#8221; gutter_width=&#8221;2&#8243; make_equal=&#8221;on&#8221; module_class=&#8221;photo-column&#8221; _builder_version=&#8221;4.27.3&#8243; _module_preset=&#8221;default&#8221; width=&#8221;100%&#8221; max_width=&#8221;none&#8221; module_alignment=&#8221;center&#8221; custom_margin=&#8221;0px|0px|0px|0px|true|true&#8221; custom_padding=&#8221;0px|0px|0px|0px|true|true&#8221; custom_css_main_element=&#8221;display:flex;&#8221; global_colors_info=&#8221;{}&#8221;][et_pb_column type=&#8221;1_3&#8243; _builder_version=&#8221;4.27.3&#8243; _module_preset=&#8221;default&#8221; pac_dcm_carousel_specific_module_num=&#8221;0&#8243; global_colors_info=&#8221;{}&#8221;][et_pb_image src=&#8221;https:\/\/jmonteiromilano.com\/wp-content\/uploads\/2025\/03\/portrait-jmm-milan-1.jpg&#8221; title_text=&#8221;ritratto-jmm-milano-1&#8243; _builder_version=&#8221;4.27.3&#8243; _module_preset=&#8221;default&#8221; global_colors_info=&#8221;{}&#8221;][\/et_pb_image][\/et_pb_column][et_pb_column type=&#8221;1_3&#8243; _builder_version=&#8221;4.27.3&#8243; _module_preset=&#8221;default&#8221; pac_dcm_carousel_specific_module_num=&#8221;0&#8243; global_colors_info=&#8221;{}&#8221;][et_pb_image src=&#8221;https:\/\/jmonteiromilano.com\/wp-content\/uploads\/2025\/03\/portrait-jmm-milan-3.jpg&#8221; title_text=&#8221;ritratto-jmm-milano-3&#8243; _builder_version=&#8221;4.27.3&#8243; _module_preset=&#8221;default&#8221; global_colors_info=&#8221;{}&#8221;][\/et_pb_image][\/et_pb_column][et_pb_column type=&#8221;1_3&#8243; _builder_version=&#8221;4.27.3&#8243; _module_preset=&#8221;default&#8221; pac_dcm_carousel_specific_module_num=&#8221;0&#8243; global_colors_info=&#8221;{}&#8221;][et_pb_image src=&#8221;https:\/\/jmonteiromilano.com\/wp-content\/uploads\/2025\/03\/portrait-jmm-milan-0.jpg&#8221; title_text=&#8221;ritratto-jmm-milano-0&#8243; _builder_version=&#8221;4.27.3&#8243; _module_preset=&#8221;default&#8221; global_colors_info=&#8221;{}&#8221;][\/et_pb_image][\/et_pb_column][\/et_pb_row][\/et_pb_section][et_pb_section fb_built=&#8221;1&#8243; _builder_version=&#8221;4.27.3&#8243; _module_preset=&#8221;default&#8221; global_colors_info=&#8221;{%22gcid-0c4efa0e-1c4c-461c-b868-2ff7b069fcb3%22:%91%22background_color%22%93}&#8221; background_color=&#8221;gcid-0c4efa0e-1c4c-461c-b868-2ff7b069fcb3&#8243; background_enable_pattern_style=&#8221;on&#8221; background_pattern_style=&#8221;inverted-chevrons&#8221;][et_pb_row column_structure=&#8221;1_3,2_3&#8243; make_equal=&#8221;on&#8221; _builder_version=&#8221;4.27.3&#8243; _module_preset=&#8221;default&#8221; background_color=&#8221;#EFE6E1&#8243; background_enable_image=&#8221;off&#8221; background_position=&#8221;center_right&#8221; background_horizontal_offset=&#8221;0%&#8221; background_enable_pattern_style=&#8221;on&#8221; background_pattern_style=&#8221;inverted-chevrons&#8221; background_pattern_color=&#8221;rgba(236,212,193,0.3)&#8221; max_width=&#8221;800px&#8221; module_alignment=&#8221;center&#8221; custom_margin=&#8221;||40px||false|false&#8221; custom_padding=&#8221;1vw|1vw|1vw|1vw|true|true&#8221; hover_enabled=&#8221;0&#8243; background_last_edited=&#8221;on|phone&#8221; background_horizontal_offset_phone=&#8221;10%&#8221; border_radii=&#8221;on|5px|5px|5px|5px&#8221; global_colors_info=&#8221;{}&#8221; sticky_enabled=&#8221;0&#8243; locked=&#8221;off&#8221; custom_css_main_element_last_edited=&#8221;on|phone&#8221; custom_css_main_element_tablet=&#8221;display: flex;&#8221; custom_css_main_element_phone=&#8221;display:block;&#8221;][et_pb_column type=&#8221;1_3&#8243; _builder_version=&#8221;4.27.3&#8243; _module_preset=&#8221;default&#8221; hover_enabled=&#8221;0&#8243; pac_dcm_carousel_specific_module_num=&#8221;0&#8243; global_colors_info=&#8221;{}&#8221; custom_css_main_element=&#8221;-webkit-order: 2;||order: 2;&#8221; sticky_enabled=&#8221;0&#8243;][et_pb_image src=&#8221;https:\/\/jmonteiromilano.com\/wp-content\/uploads\/2025\/04\/jenny-monteiro-luxury-designer-milan.jpg&#8221; title_text=&#8221;jenny-monteiro-luxury-designer-milano&#8221; _builder_version=&#8221;4.27.3&#8243; _module_preset=&#8221;default&#8221; hover_enabled=&#8221;0&#8243; global_colors_info=&#8221;{}&#8221; sticky_enabled=&#8221;0&#8243;][\/et_pb_image][\/et_pb_column][et_pb_column type=&#8221;2_3&#8243; _builder_version=&#8221;4.27.3&#8243; _module_preset=&#8221;default&#8221; custom_padding=&#8221;4vh|4vh|4vh|4vh|true|true&#8221; hover_enabled=&#8221;0&#8243; custom_css_main_element=&#8221;display:flex;||flex-direction:column;||justify-content: center;||-webkit-order: 1;||order: 1;&#8221; pac_dcm_carousel_specific_module_num=&#8221;0&#8243; global_colors_info=&#8221;{}&#8221; sticky_enabled=&#8221;0&#8243; custom_padding_phone=&#8221;4vh||2vh||false|true&#8221; custom_padding_last_edited=&#8221;on|desktop&#8221; custom_padding_tablet=&#8221;4vh|4vh|4vh|4vh|true|true&#8221;][et_pb_text _builder_version=&#8221;4.27.3&#8243; _module_preset=&#8221;bbadc329-6db7-4c7b-a10c-b39160efc40b&#8221; hover_enabled=&#8221;0&#8243; text_orientation_tablet=&#8221;&#8221; text_orientation_phone=&#8221;center&#8221; text_orientation_last_edited=&#8221;on|phone&#8221; global_colors_info=&#8221;{%22gcid-0c4efa0e-1c4c-461c-b868-2ff7b069fcb3%22:%91%22header_text_color%22,%22header_text_color%22%93,%22gcid-secondary-color%22:%91%22text_text_color%22%93}&#8221; sticky_enabled=&#8221;0&#8243; custom_margin_last_edited=&#8221;off|phone&#8221;]<span class=\"accent-body\">Il Made in Italy<\/span> \u00e8 un valore fondamentale per Jenny Monteiro. La sua filosofia di design si basa sull \u201ceccellenza artigianale italiana, sull\u201d attenzione ai dettagli e sull \u201cuso di materiali naturali e sostenibili. Ogni capo \u00e8 realizzato con la stessa passione e competenza che hanno reso l\u201d Italia un punto di riferimento mondiale per la moda. La sua attenzione alla sostenibilit\u00e0 riflette un profondo rispetto per l \u201cambiente e l\u201d impegno a creare una moda responsabile e duratura.[\/et_pb_text][\/et_pb_column][\/et_pb_row][et_pb_row column_structure=&#8221;2_3,1_3&#8243; make_equal=&#8221;on&#8221; _builder_version=&#8221;4.27.3&#8243; _module_preset=&#8221;default&#8221; background_color=&#8221;#EFE6E1&#8243; background_enable_image=&#8221;off&#8221; background_position=&#8221;center_right&#8221; background_horizontal_offset=&#8221;0%&#8221; background_enable_pattern_style=&#8221;on&#8221; background_pattern_style=&#8221;inverted-chevrons&#8221; background_pattern_color=&#8221;rgba(236,212,193,0.3)&#8221; max_width=&#8221;800px&#8221; module_alignment=&#8221;center&#8221; custom_margin=&#8221;||40px||false|false&#8221; custom_padding=&#8221;1vw|1vw|1vw|1vw|true|true&#8221; hover_enabled=&#8221;0&#8243; background_last_edited=&#8221;on|phone&#8221; background_horizontal_offset_phone=&#8221;10%&#8221; border_radii=&#8221;on|5px|5px|5px|5px&#8221; global_colors_info=&#8221;{}&#8221; sticky_enabled=&#8221;0&#8243; locked=&#8221;off&#8221; custom_css_main_element_last_edited=&#8221;on|phone&#8221; custom_css_main_element_tablet=&#8221;display:flex;&#8221; custom_css_main_element_phone=&#8221;display:block;&#8221;][et_pb_column type=&#8221;2_3&#8243; _builder_version=&#8221;4.27.3&#8243; _module_preset=&#8221;default&#8221; custom_padding=&#8221;4vh|4vh|4vh|4vh|true|true&#8221; hover_enabled=&#8221;0&#8243; custom_css_main_element=&#8221;display:flex;||flex-direction:column;||justify-content: center;&#8221; pac_dcm_carousel_specific_module_num=&#8221;0&#8243; global_colors_info=&#8221;{}&#8221; sticky_enabled=&#8221;0&#8243; custom_padding_last_edited=&#8221;on|desktop&#8221; custom_padding_phone=&#8221;4vh||2vh||false|true&#8221; custom_padding_tablet=&#8221;4vh|4vh|4vh|4vh|true|true&#8221;][et_pb_text _builder_version=&#8221;4.27.3&#8243; _module_preset=&#8221;bbadc329-6db7-4c7b-a10c-b39160efc40b&#8221; hover_enabled=&#8221;0&#8243; text_orientation_tablet=&#8221;&#8221; text_orientation_phone=&#8221;center&#8221; text_orientation_last_edited=&#8221;on|phone&#8221; global_colors_info=&#8221;{%22gcid-0c4efa0e-1c4c-461c-b868-2ff7b069fcb3%22:%91%22header_text_color%22,%22header_text_color%22%93,%22gcid-secondary-color%22:%91%22text_text_color%22%93}&#8221; sticky_enabled=&#8221;0&#8243; custom_margin_last_edited=&#8221;off|phone&#8221;]<\/p>\n<p>Lavorando a Milano dal 2002, l&#8217;esperienza di Jenny in case di moda di alto livello l&#8217;ha portata alla Sartoria Brancato dove ha disegnato i costumi per il famoso Teatro alla Scala, infondendo nel suo lavoro una raffinata teatralit\u00e0 e una meticolosa cura dei dettagli. Tuttavia, ha scoperto che gli artisti e le modelle con cui lavorava desideravano capi versatili che combinassero materiali di lusso e comfort quotidiano. Questo desiderio l&#8217;ha portata a sviluppare la collezione <span class=\"weekend-inline\">Weekend<\/span>.  <\/p>\n<p>[\/et_pb_text][\/et_pb_column][et_pb_column type=&#8221;1_3&#8243; _builder_version=&#8221;4.27.3&#8243; _module_preset=&#8221;default&#8221; hover_enabled=&#8221;0&#8243; pac_dcm_carousel_specific_module_num=&#8221;0&#8243; global_colors_info=&#8221;{}&#8221; sticky_enabled=&#8221;0&#8243;][et_pb_image src=&#8221;https:\/\/jmonteiromilano.com\/wp-content\/uploads\/2025\/03\/portrait-jmm-milan-_0000_AFLS9047.jpg&#8221; title_text=&#8221;portrait-jmm-milan-_0000_AFLS9047&#8243; _builder_version=&#8221;4.27.3&#8243; _module_preset=&#8221;default&#8221; global_colors_info=&#8221;{}&#8221;][\/et_pb_image][\/et_pb_column][\/et_pb_row][et_pb_row make_equal=&#8221;on&#8221; _builder_version=&#8221;4.27.3&#8243; _module_preset=&#8221;default&#8221; background_color=&#8221;#EFE6E1&#8243; background_enable_image=&#8221;off&#8221; background_position=&#8221;center_right&#8221; background_horizontal_offset=&#8221;0%&#8221; background_enable_pattern_style=&#8221;on&#8221; background_pattern_style=&#8221;inverted-chevrons&#8221; background_pattern_color=&#8221;rgba(236,212,193,0.3)&#8221; max_width=&#8221;800px&#8221; module_alignment=&#8221;center&#8221; custom_margin=&#8221;||40px||false|false&#8221; custom_padding=&#8221;0px|0px|0px|0px|true|true&#8221; hover_enabled=&#8221;0&#8243; background_last_edited=&#8221;on|phone&#8221; background_horizontal_offset_phone=&#8221;10%&#8221; global_colors_info=&#8221;{}&#8221; sticky_enabled=&#8221;0&#8243; locked=&#8221;off&#8221;][et_pb_column type=&#8221;4_4&#8243; _builder_version=&#8221;4.27.3&#8243; _module_preset=&#8221;default&#8221; custom_padding=&#8221;0px|0px|0px|0px|true|true&#8221; hover_enabled=&#8221;0&#8243; custom_css_main_element=&#8221;display:flex;||flex-direction:column;||justify-content: center;&#8221; pac_dcm_carousel_specific_module_num=&#8221;0&#8243; global_colors_info=&#8221;{}&#8221; sticky_enabled=&#8221;0&#8243;][et_pb_image src=&#8221;https:\/\/jmonteiromilano.com\/wp-content\/uploads\/2025\/03\/venezia-feature.webp&#8221; title_text=&#8221;venezia-feature&#8221; _builder_version=&#8221;4.27.3&#8243; _module_preset=&#8221;default&#8221; hover_enabled=&#8221;0&#8243; global_colors_info=&#8221;{}&#8221; sticky_enabled=&#8221;0&#8243; align=&#8221;center&#8221; force_fullwidth=&#8221;on&#8221; custom_margin=&#8221;0px|0px|0px|0px|true|true&#8221; custom_padding=&#8221;0px|0px|0px|0px|true|true&#8221;][\/et_pb_image][\/et_pb_column][\/et_pb_row][\/et_pb_section][et_pb_section fb_built=&#8221;1&#8243; _builder_version=&#8221;4.27.3&#8243; _module_preset=&#8221;default&#8221; background_color=&#8221;gcid-0c4efa0e-1c4c-461c-b868-2ff7b069fcb3&#8243; custom_margin=&#8221;0px|0px|0px|0px|true|true&#8221; custom_padding=&#8221;0px|0px|0px|0px|true|true&#8221; global_colors_info=&#8221;{%22gcid-0c4efa0e-1c4c-461c-b868-2ff7b069fcb3%22:%91%22background_color%22%93}&#8221;][et_pb_row _builder_version=&#8221;4.27.3&#8243; _module_preset=&#8221;default&#8221; width=&#8221;100%&#8221; max_width=&#8221;none&#8221; module_alignment=&#8221;center&#8221; custom_margin=&#8221;0px|0px|0px|0px|true|true&#8221; custom_padding=&#8221;0px|0px|0px|0px|true|true&#8221; global_colors_info=&#8221;{}&#8221;][et_pb_column type=&#8221;4_4&#8243; _builder_version=&#8221;4.27.3&#8243; _module_preset=&#8221;default&#8221; pac_dcm_carousel_specific_module_num=&#8221;0&#8243; global_colors_info=&#8221;{}&#8221;][et_pb_image src=&#8221;https:\/\/jmonteiromilano.com\/wp-content\/uploads\/2025\/03\/hero-jmm-milan3.jpg&#8221; title_text=&#8221;eroe-jmm-milano3&#8243; show_bottom_space=&#8221;off&#8221; _builder_version=&#8221;4.27.3&#8243; _module_preset=&#8221;default&#8221; global_colors_info=&#8221;{}&#8221;][\/et_pb_image][\/et_pb_column][\/et_pb_row][\/et_pb_section]<\/p>\n","protected":false},"excerpt":{"rendered":"<p>Sostenibilmente Made in MilanoA Milano lo stile \u00e8 un linguaggio universale. In questa citt\u00e0, Jenny ha trovato la sua musa nelle tante donne che ha incontrato, ognuna con il suo stile e la sua personalit\u00e0 unici, che incarnano tutte un&#8217;eleganza magnetica. La donna che si vede sul palco o all&#8217;inaugurazione di un evento, ma che [&hellip;]<\/p>\n","protected":false},"author":1,"featured_media":0,"parent":397514,"menu_order":0,"comment_status":"closed","ping_status":"closed","template":"","meta":{"_acf_changed":false,"_et_pb_use_builder":"on","_et_pb_old_content":"","_et_gb_content_width":"","footnotes":""},"class_list":["post-397520","page","type-page","status-publish","hentry"],"acf":[],"_links":{"self":[{"href":"https:\/\/jmonteiromilano.com\/it\/wp-json\/wp\/v2\/pages\/397520","targetHints":{"allow":["GET"]}}],"collection":[{"href":"https:\/\/jmonteiromilano.com\/it\/wp-json\/wp\/v2\/pages"}],"about":[{"href":"https:\/\/jmonteiromilano.com\/it\/wp-json\/wp\/v2\/types\/page"}],"author":[{"embeddable":true,"href":"https:\/\/jmonteiromilano.com\/it\/wp-json\/wp\/v2\/users\/1"}],"replies":[{"embeddable":true,"href":"https:\/\/jmonteiromilano.com\/it\/wp-json\/wp\/v2\/comments?post=397520"}],"version-history":[{"count":2,"href":"https:\/\/jmonteiromilano.com\/it\/wp-json\/wp\/v2\/pages\/397520\/revisions"}],"predecessor-version":[{"id":397523,"href":"https:\/\/jmonteiromilano.com\/it\/wp-json\/wp\/v2\/pages\/397520\/revisions\/397523"}],"up":[{"embeddable":true,"href":"https:\/\/jmonteiromilano.com\/it\/wp-json\/wp\/v2\/pages\/397514"}],"wp:attachment":[{"href":"https:\/\/jmonteiromilano.com\/it\/wp-json\/wp\/v2\/media?parent=397520"}],"curies":[{"name":"wp","href":"https:\/\/api.w.org\/{rel}","templated":true}]}}